{"id":114,"date":"2025-10-27T18:05:08","date_gmt":"2025-10-27T17:05:08","guid":{"rendered":"https:\/\/museucampusalcoi.webs.upv.es\/?page_id=114"},"modified":"2025-10-27T18:07:53","modified_gmt":"2025-10-27T17:07:53","slug":"historia-de-lepsa","status":"publish","type":"page","link":"https:\/\/museucampusalcoi.webs.upv.es\/?page_id=114&lang=va","title":{"rendered":"Hist\u00f2ria de l&#8217;EPSA"},"content":{"rendered":"\n<p>El campus d\u2019Alcoi de la Universitat Polit\u00e8cnica de Val\u00e8ncia t\u00e9 els seus or\u00edgens en la <strong>Reial F\u00e0brica de Panys d&#8217;Alcoi<\/strong> (RFPA), organisme que durant la segona meitat del segle XVIII i primera d\u00e8cada del XIX va emprendre una decidida pol\u00edtica de renovaci\u00f3 i industrialitzaci\u00f3 promovent contractes a t\u00e8cnics estrangers i experts en processos de tintures i equipament. A m\u00e9s va fomentar l&#8217;enviament de comissionats a diferents llocs a fi d&#8217;introduir innovacions i incorporar noves maquin\u00e0ries de filatura.<\/p>\n\n\n\n<h2 class=\"wp-block-heading\">Segle XIX<\/h2>\n\n\n\n<p>Durant la segona d\u00e8cada del segle XIX es van produir turbulents successos antimaquinistes originats pel rebuig dels treballadors a la introducci\u00f3 de nous m\u00e8todes de producci\u00f3 que eliminaven gran part del treball manual. Aquests esdeveniments units al fet que, malgrat l&#8217;esfor\u00e7 realitzat per la\u00a0RFPA, la ind\u00fastria d&#8217;Alcoi no aconseguia estar al dia en el desenvolupament tecnol\u00f2gic. Van mostrar la necessitat de crear un centre d&#8217;estudis superiors capa\u00e7 de generar t\u00e8cnics especialistes amb forta preparaci\u00f3 te\u00f2rica &#8211; pr\u00e0ctica, capaces de dirigir una moderna f\u00e0brica t\u00e8xtil.<\/p>\n\n\n\n<p>La idea es va concretar en la sessi\u00f3 del dia 29 d&#8217;octubre de 1828, en la qual la Real F\u00e0brica va acordar crear i mantenir a les seues expenses uns estudis de preparaci\u00f3 industrial, que anomenaria Establiment Cient\u00edfic &#8211; Art\u00edstic, conegut amb el nom de \u201c<strong>Escola de la\u00a0Bolla<\/strong>\u201d, nom que pren de l&#8217;antiga casa gremial de l&#8217;entitat fundadora, denominada aix\u00ed perqu\u00e8 en ella es\u00a0bollaven els draps.<\/p>\n\n\n\n<p>El projecte es va dur a terme sense demora i es va posar en marxa a l&#8217;any seg\u00fcent. Es van crear quatre c\u00e0tedres en les quals s&#8217;impartien les seg\u00fcents assignatures: Saber llegir, escriure i nocions de comptabilitat, en la primera c\u00e0tedra; Aritm\u00e8tica i \u00c0lgebra, en la segona; Geometria, Mec\u00e0nica, F\u00edsica i Disseny Geom\u00e8tric aplicat a les Arts, en la tercera; i Qu\u00edmica en la quarta c\u00e0tedra. L&#8217;Establiment Cient\u00edfic &#8211; Art\u00edstic va durar tan sols cinc anys.<\/p>\n\n\n\n<p>Per la Reial Ordre de 1853 es creen a Espanya tres centres d&#8217;ensenyament t\u00e8cnic sent la d&#8217;Alcoi un d&#8217;ells. Es van reprendre els estudis de car\u00e0cter oficial, sota la denominaci\u00f3 de \u201cEscola Industrial Elemental\u201d, subvencionada amb fons estatals, municipals i industrials. A partir d&#8217;aquest moment la intervenci\u00f3 estatal \u00e9s creixent i decisiva. El RD de 30\/8\/1862 concedeix a aquesta Escola l&#8217;expedici\u00f3 de t\u00edtols, primer de perit qu\u00edmic i despr\u00e9s de mec\u00e0nic. Aquest tipus d&#8217;escoles va ser suprimit posteriorment, per\u00f2 Alcoi va continuar en la seua obstinaci\u00f3 i la seua Escola va funcionar com a \u00fanic centre dedicat a aquesta classe d&#8217;estudis t\u00e8cnics.<\/p>\n\n\n\n<h2 class=\"wp-block-heading\">Segle XX. L&#8217;Escola Industrial<\/h2>\n\n\n\n<p>El Reial Decret del 17 d&#8217;agost de 1901 reforma radicalment els ensenyaments superiors. L&#8217;Escola Industrial Elemental d&#8217;Alcoi passa a denominar-se Escola Elemental d&#8217;Ind\u00fastria i es crea la nova Escola Superior d&#8217;Ind\u00fastria. Comen\u00e7aria a funcionar en l&#8217;obertura del curs 1902\/03 amb l&#8217;especialitat de perits mec\u00e0nics, qu\u00edmics i electricistes. Posteriorment s&#8217;incorpora l&#8217;especialitat de manufacturer o t\u00e8xtil per RD de 10\/1\/1902, i la d&#8217;aparelladors en 1907.<\/p>\n\n\n\n<p>En 1910 es va establir l&#8217;Escola Industrial, que suposava la fusi\u00f3 de l&#8217;Escola Superior d&#8217;Ind\u00fastria i l&#8217;Escola Elemental d&#8217;Ind\u00fastria (m\u00e9s enfocada a estudis d&#8217;Arts i Oficis).<\/p>\n\n\n\n<figure class=\"wp-block-gallery has-nested-images columns-default is-cropped wp-block-gallery-1 is-layout-flex wp-block-gallery-is-layout-flex\">\n<figure class=\"wp-block-image size-large\"><img loading=\"lazy\" decoding=\"async\" width=\"600\" height=\"213\" data-id=\"126\" src=\"https:\/\/museucampusalcoi.webs.upv.es\/wp-content\/uploads\/2025\/10\/img-edificio_viaducto-2.jpg\" alt=\"\" class=\"wp-image-126\" srcset=\"https:\/\/museucampusalcoi.webs.upv.es\/wp-content\/uploads\/2025\/10\/img-edificio_viaducto-2.jpg 600w, https:\/\/museucampusalcoi.webs.upv.es\/wp-content\/uploads\/2025\/10\/img-edificio_viaducto-2-300x107.jpg 300w\" sizes=\"auto, (max-width: 600px) 100vw, 600px\" \/><\/figure>\n<\/figure>\n\n\n\n<p>En 1923 comen\u00e7a a al\u00e7ar-se un nou edifici sobre l&#8217;antic estenedor de llanes de la real F\u00e0brica de Pa\u00f1os que, mantenint el seu decidit suport a l&#8217;ensenyament t\u00e8cnic, va cedir gratu\u00eftament l&#8217;anterior solar. Aquesta construcci\u00f3 \u00e9s l&#8217;actual edifici del <strong>Viaducte<\/strong>.<\/p>\n\n\n\n<p>Durant la Guerra Civil l&#8217;edifici va albergar l&#8217;Hospital Suec &#8211; Noruec de combatents.<\/p>\n\n\n\n<p>Prescindint d&#8217;altres reformes per les quals l&#8217;Escola va tenir diverses denominacions, el RD de 22\/7\/1942 introdueix reformes en els plans d&#8217;estudis i r\u00e8gim d&#8217;ensenyaments i es canvia una altra vegada el nom de T\u00e8cnics pel de Perits i l&#8217;Escola passa a denominar-se \u201cEscola de Perits Industrials\u201d. En 1964, pateix un altre canvi de nom i es denomina \u201cEscola d&#8217;Enginyeria T\u00e8cnica Industrial\u201d.<\/p>\n\n\n\n<h2 class=\"wp-block-heading\">Integraci\u00f3 a la Universitat Polit\u00e8cnica de Val\u00e8ncia<\/h2>\n\n\n\n<p>En 1972 s&#8217;integra a la Universitat Polit\u00e8cnica de Val\u00e8ncia com a \u201c<strong>Escola Universit\u00e0ria d&#8217;Enginyeria T\u00e8cnica Industrial d&#8217;Alcoi<\/strong>\u201d (EUITIA).<\/p>\n\n\n\n<p>Des de 1983 s&#8217;imparteixen 5 especialitats: Qu\u00edmica, Mec\u00e0nica, El\u00e8ctrica, T\u00e8xtil i Electr\u00f2nica Industrial.<\/p>\n\n\n\n<p>Amb l&#8217;entrada en vigor de la LRU en 1986, la Universitat adquireix una nova estructura interna que la reorganitza en \u00f2rgans col\u00b7legiats, anomenats departaments. Donada aquesta nova estructura i la singularitat que l&#8217;Enginyeria T\u00e8xtil representa dins de la UPV, se situa la seu central del Departament d&#8217;Enginyeria T\u00e8xtil i Paperera a Alcoi.<\/p>\n\n\n\n<p>Des de 1991, s&#8217;imparteixen, en el departament d&#8217;Enginyeria T\u00e8xtil i Paperera, cursos de Doctorat (3r cicle).<\/p>\n\n\n\n<p>En el curs 1993\/94 s&#8217;inicien els estudis d&#8217;enginyer T\u00e8cnic en Telecomunicacions, especialitat Telem\u00e0tica. En el curs 1994\/95 cal sumar una nova titulaci\u00f3, la d&#8217;Enginyer Superior en Organitzaci\u00f3 Industrial (2n cicle), la qual cosa confereix a aquesta Escola Universit\u00e0ria d&#8217;Alcoi un rang superior. Per aix\u00f2 el 19 de juliol de 1994, el Consell interuniversitari aprova el nou rang i passa a denominar-se de manera definitiva <strong>Escola Polit\u00e8cnica Superior d&#8217;Alcoi<\/strong> (EPSA), segons el que es disposa en el DOGV no 2423 de 9\/1\/1995.<\/p>\n\n\n\n<p>En el curs acad\u00e8mic 1995\/96, a m\u00e9s de les titulacions esmentades (totes elles amb nous plans d&#8217;estudi iniciats en el curs 1993\/94) cal sumar una nova, la d&#8217;Enginyer T\u00e8cnic en Disseny Industrial. El curs 1997\/98 va comen\u00e7ar amb la Llicenciatura en Administraci\u00f3 i Direcci\u00f3 d&#8217;Empreses.<\/p>\n\n\n\n<figure class=\"wp-block-gallery has-nested-images columns-default is-cropped wp-block-gallery-2 is-layout-flex wp-block-gallery-is-layout-flex\">\n<figure class=\"wp-block-image size-large\"><img loading=\"lazy\" decoding=\"async\" width=\"600\" height=\"213\" data-id=\"127\" src=\"https:\/\/museucampusalcoi.webs.upv.es\/wp-content\/uploads\/2025\/10\/img-edificio_carbonell-1.jpg\" alt=\"\" class=\"wp-image-127\" srcset=\"https:\/\/museucampusalcoi.webs.upv.es\/wp-content\/uploads\/2025\/10\/img-edificio_carbonell-1.jpg 600w, https:\/\/museucampusalcoi.webs.upv.es\/wp-content\/uploads\/2025\/10\/img-edificio_carbonell-1-300x107.jpg 300w\" sizes=\"auto, (max-width: 600px) 100vw, 600px\" \/><\/figure>\n<\/figure>\n\n\n\n<p>Des de febrer de 1998 el campus d&#8217;Alcoi ha ampliat les seues instal\u00b7lacions amb un nou edifici rehabilitat d&#8217;una antiga f\u00e0brica t\u00e8xtil de principis del segle XX, l&#8217;edifici de\u00a0<strong>Ferr\u00e0ndiz<\/strong>. Des de 2006 es disposa d&#8217;un tercer edifici industrial de principis del segle XX, el de\u00a0<strong>Carbonell<\/strong>, el qual est\u00e0 situat davant de l&#8217;edifici Ferr\u00e1ndiz. El conjunt format pels dos edificis constitueix un complex \u00fanic d&#8217;arquitectura industrial de principis del segle XX.<\/p>\n\n\n\n<p>En el curs 1999\/2000 comen\u00e7a a impartir-se una altra titulaci\u00f3 superior, Enginyeria de Materials. En el curs 2001\/02 s&#8217;afig l&#8217;\u00faltima de les noves titulacions, Enginyeria T\u00e8cnica en Inform\u00e0tica de Gesti\u00f3.<\/p>\n\n\n\n<p>D&#8217;altra banda, en l&#8217;any 1999 es va implantar el doctorat en Enginyeria en Organitzaci\u00f3 Industrial. En el curs 2007\/08 es va iniciar el M\u00e0ster Oficial Universitari d&#8217;Enginyeria T\u00e8xtil.<\/p>\n\n\n\n<h2 class=\"wp-block-heading\">Adaptaci\u00f3 dels t\u00edtols al Marc Europeu d&#8217;Educaci\u00f3 Superior<\/h2>\n\n\n\n<p>Posteriorment a partir de l&#8217;any 2009, es va iniciar l&#8217;adaptaci\u00f3 dels t\u00edtols al Marc Europeu d&#8217;Educaci\u00f3 Superior. D&#8217;aquesta manera en l&#8217;actualitat es poden cursar vuit graus: Grau en Enginyeria El\u00e8ctrica, Grau en Enginyeria Mec\u00e0nica, Grau en Enginyeria Qu\u00edmica, Grau en Enginyeria en Disseny Industrial i Desenvolupament de Productes, Grau en Enginyeria Inform\u00e0tica, Grau en\u00a0ADE, Grau en\u00a0ADE+Turisme i Grau en\u00a0ADE+Enginyeria Inform\u00e0tica.<\/p>\n\n\n\n<p>Les titulacions superiors tamb\u00e9 es van adaptar a Bolonya com a m\u00e0sters universitaris oficials: M\u00e0ster Universitari en Enginyeria T\u00e8xtil, M\u00e0ster Universitari en Enginyeria d&#8217;Organitzaci\u00f3 i Log\u00edstica, M\u00e0ster Universitari en Enginyeria, Processament i Caracteritzaci\u00f3 de Materials i M\u00e0ster Universitari en Direcci\u00f3 d&#8217;Empreses (MBA).<\/p>\n\n\n\n<p>L&#8217;any 2014 s&#8217;incorporava al campus el nou edifici\u00a0<strong>Georgina Blanes<\/strong>, dotat amb un pavell\u00f3 i instal\u00b7lacions deportes, m\u00faltiples laboratoris d&#8217;investigaci\u00f3 i \u00fas docent, una zona verda i un aparcament subterrani.<\/p>\n\n\n\n<h2 class=\"wp-block-heading\">Incorporaci\u00f3 de nous t\u00edtols<\/h2>\n\n\n\n<p>En el curs 2022\/23 es va incorporar el grau en Inform\u00e0tica Industrial i Rob\u00f2tica i en el curso 2025\/26 el d&#8217;Intel\u00b7lig\u00e8ncia Artificial, donant cabuda a les noves tecnologies que s&#8217;incorporen al dia a dia de la societat.<\/p>\n\n\n\n<p>En l&#8217;actualitat, la UPV Alcoi \u00e9s un campus universitari competitiu, pr\u00f2xim als alumnes, que ofereix una formaci\u00f3 personalitzada i adaptada als reptes de l&#8217;economia i societat. Prop de 2.800 alumnes cursen els seus estudis al Campus d&#8217;Alcoi de la UPV.<\/p>\n","protected":false},"excerpt":{"rendered":"<p>El campus d\u2019Alcoi de la Universitat Polit\u00e8cnica de Val\u00e8ncia t\u00e9 els seus or\u00edgens en la Reial F\u00e0brica de Panys d&#8217;Alcoi (RFPA), organisme que durant la segona meitat del segle XVIII&hellip;<\/p>\n","protected":false},"author":1,"featured_media":0,"parent":0,"menu_order":0,"comment_status":"closed","ping_status":"closed","template":"page-templates\/fullwidth.php","meta":{"footnotes":""},"class_list":["post-114","page","type-page","status-publish","hentry"],"_links":{"self":[{"href":"https:\/\/museucampusalcoi.webs.upv.es\/index.php?rest_route=\/wp\/v2\/pages\/114","targetHints":{"allow":["GET"]}}],"collection":[{"href":"https:\/\/museucampusalcoi.webs.upv.es\/index.php?rest_route=\/wp\/v2\/pages"}],"about":[{"href":"https:\/\/museucampusalcoi.webs.upv.es\/index.php?rest_route=\/wp\/v2\/types\/page"}],"author":[{"embeddable":true,"href":"https:\/\/museucampusalcoi.webs.upv.es\/index.php?rest_route=\/wp\/v2\/users\/1"}],"replies":[{"embeddable":true,"href":"https:\/\/museucampusalcoi.webs.upv.es\/index.php?rest_route=%2Fwp%2Fv2%2Fcomments&post=114"}],"version-history":[{"count":2,"href":"https:\/\/museucampusalcoi.webs.upv.es\/index.php?rest_route=\/wp\/v2\/pages\/114\/revisions"}],"predecessor-version":[{"id":128,"href":"https:\/\/museucampusalcoi.webs.upv.es\/index.php?rest_route=\/wp\/v2\/pages\/114\/revisions\/128"}],"wp:attachment":[{"href":"https:\/\/museucampusalcoi.webs.upv.es\/index.php?rest_route=%2Fwp%2Fv2%2Fmedia&parent=114"}],"curies":[{"name":"wp","href":"https:\/\/api.w.org\/{rel}","templated":true}]}}